{"id":191,"date":"2014-02-26T12:23:11","date_gmt":"2014-02-26T12:23:11","guid":{"rendered":"https:\/\/www.pilencykel.se\/workshop\/?page_id=191"},"modified":"2025-06-05T06:40:17","modified_gmt":"2025-06-05T04:40:17","slug":"hem","status":"publish","type":"page","link":"https:\/\/www.pilencykel.se\/workshop\/","title":{"rendered":"Pilen Workshop"},"content":{"rendered":"<p>\t\t<div data-elementor-type=\"section\" data-elementor-id=\"11911\" class=\"elementor elementor-11911\" data-elementor-post-type=\"elementor_library\">\n\t\t\t<div class=\"elementor-element elementor-element-50a31eb e-flex e-con-boxed e-con e-parent\" data-id=\"50a31eb\" data-element_type=\"container\">\n\t\t\t\t\t<div class=\"e-con-inner\">\n\t\t\t\t<div class=\"elementor-element elementor-element-3adf5e2 elementor-widget elementor-widget-heading\" data-id=\"3adf5e2\" data-element_type=\"widget\" data-widget_type=\"heading.default\">\n\t\t\t\t<div class=\"elementor-widget-container\">\n\t\t\t\t\t<h1 class=\"elementor-heading-title elementor-size-default\">Prisber\u00e4knaren<\/h1>\t\t\t\t<\/div>\n\t\t\t\t<\/div>\n\t\t\t\t<div class=\"elementor-element elementor-element-733e8ea elementor-widget elementor-widget-text-editor\" data-id=\"733e8ea\" data-element_type=\"widget\" data-widget_type=\"text-editor.default\">\n\t\t\t\t<div class=\"elementor-widget-container\">\n\t\t\t\t\t\t\t\t\t<p>V\u00e5r prisber\u00e4knare \u00e4r fr\u00e4mst till\u00e4gnad Pilens \u00e5terf\u00f6rs\u00e4ljare, men \u00e4ven Pilen-intresserade slutkunder. V\u00e4lj f\u00e4rger och delar, r\u00e4kna fram ett uppskattat slutpris och skicka <strong>PB<\/strong>:n till den e-postadress du anger. Obs: alla priser \u00e4r rekommenderade butikspriser och variationer kan f\u00f6rekomma. Alla\u00a0prisber\u00e4kningar \u00e4r riskfria. Du kan inte k\u00f6pa n\u00e5got och f\u00f6rbinder dig inte till n\u00e5got. Designen p\u00e5 cykeln visas inte h\u00e4r (<a href=\"https:\/\/www.pilencykel.se\/sv\/designa-din-cykel\/\" target=\"_blank\" rel=\"noopener\">se designmodulerna<\/a>). Vi garderar oss f\u00f6r prisfel och prisuppdate\u00adringar.<\/p>\t\t\t\t\t\t\t\t<\/div>\n\t\t\t\t<\/div>\n\t\t\t\t\t<\/div>\n\t\t\t\t<\/div>\n\t\t<div class=\"elementor-element elementor-element-f2d2942 e-flex e-con-boxed e-con e-parent\" data-id=\"f2d2942\" data-element_type=\"container\">\n\t\t\t\t\t<div class=\"e-con-inner\">\n\t\t<div class=\"elementor-element elementor-element-ca55bf6 e-con-full e-flex e-con e-child\" data-id=\"ca55bf6\" data-element_type=\"container\">\n\t\t\t\t<div class=\"elementor-element elementor-element-e5fcb85 elementor-widget elementor-widget-heading\" data-id=\"e5fcb85\" data-element_type=\"widget\" data-widget_type=\"heading.default\">\n\t\t\t\t<div class=\"elementor-widget-container\">\n\t\t\t\t\t<h3 class=\"elementor-heading-title elementor-size-default\">F\u00f6r Pilens \u00e5terf\u00f6rs\u00e4ljare<\/h3>\t\t\t\t<\/div>\n\t\t\t\t<\/div>\n\t\t<div class=\"elementor-element elementor-element-fd803ff e-con-full e-grid e-con e-child\" data-id=\"fd803ff\" data-element_type=\"container\">\n\t\t\t\t<div class=\"elementor-element elementor-element-552655b elementor-position-inline-start elementor-view-default elementor-mobile-position-block-start elementor-widget elementor-widget-icon-box\" data-id=\"552655b\" data-element_type=\"widget\" data-widget_type=\"icon-box.default\">\n\t\t\t\t<div class=\"elementor-widget-container\">\n\t\t\t\t\t\t\t<div class=\"elementor-icon-box-wrapper\">\n\n\t\t\t\t\t\t<div class=\"elementor-icon-box-icon\">\n\t\t\t\t<span  class=\"elementor-icon elementor-animation-grow\">\n\t\t\t\t<i aria-hidden=\"true\" class=\"fas fa-user-shield\"><\/i>\t\t\t\t<\/span>\n\t\t\t<\/div>\n\t\t\t\n\t\t\t\t\t\t<div class=\"elementor-icon-box-content\">\n\n\t\t\t\t\t\t\t\t\t<h3 class=\"elementor-icon-box-title\">\n\t\t\t\t\t\t<span  >\n\t\t\t\t\t\t\tOrder fr\u00e5n \u00c5F\t\t\t\t\t\t<\/span>\n\t\t\t\t\t<\/h3>\n\t\t\t\t\n\t\t\t\t\t\t\t\t\t<p class=\"elementor-icon-box-description\">\n\t\t\t\t\t\tEn \u00e5terf\u00f6rs\u00e4ljare kan r\u00e4kna ut en <b>PB<\/b> p\u00e5 en cykel som sedan l\u00e4ggs som order till Pilen. Kontakta alltid Pilen via ett vanligt mejl och h\u00e4nvisa till ordern med ordernummer.\t\t\t\t\t<\/p>\n\t\t\t\t\n\t\t\t<\/div>\n\t\t\t\n\t\t<\/div>\n\t\t\t\t\t\t<\/div>\n\t\t\t\t<\/div>\n\t\t\t\t<div class=\"elementor-element elementor-element-b4c638d elementor-position-inline-start elementor-view-default elementor-mobile-position-block-start elementor-widget elementor-widget-icon-box\" data-id=\"b4c638d\" data-element_type=\"widget\" data-widget_type=\"icon-box.default\">\n\t\t\t\t<div class=\"elementor-widget-container\">\n\t\t\t\t\t\t\t<div class=\"elementor-icon-box-wrapper\">\n\n\t\t\t\t\t\t<div class=\"elementor-icon-box-icon\">\n\t\t\t\t<span  class=\"elementor-icon elementor-animation-grow\">\n\t\t\t\t<i aria-hidden=\"true\" class=\"fas fa-user-shield\"><\/i>\t\t\t\t<\/span>\n\t\t\t<\/div>\n\t\t\t\n\t\t\t\t\t\t<div class=\"elementor-icon-box-content\">\n\n\t\t\t\t\t\t\t\t\t<h3 class=\"elementor-icon-box-title\">\n\t\t\t\t\t\t<span  >\n\t\t\t\t\t\t\t\u00c5F best\u00e4ller \u00e5t kund\t\t\t\t\t\t<\/span>\n\t\t\t\t\t<\/h3>\n\t\t\t\t\n\t\t\t\t\t\t\t\t\t<p class=\"elementor-icon-box-description\">\n\t\t\t\t\t\tAgerar \u00e5terf\u00f6rs\u00e4ljaren p\u00e5 en f\u00f6rfr\u00e5gan fr\u00e5n en kund: skriv kundens namn som notering i <b>PB<\/b>:n. \u00c5F kan skicka en kopia till sin egen e-postadress med f\u00e4ltet \"Skicka kopia till \u00e5terf\u00f6rs\u00e4ljares e-postadress\".\t\t\t\t\t<\/p>\n\t\t\t\t\n\t\t\t<\/div>\n\t\t\t\n\t\t<\/div>\n\t\t\t\t\t\t<\/div>\n\t\t\t\t<\/div>\n\t\t\t\t<\/div>\n\t\t\t\t<\/div>\n\t\t\t\t\t<\/div>\n\t\t\t\t<\/div>\n\t\t<div class=\"elementor-element elementor-element-d54704d e-flex e-con-boxed e-con e-parent\" data-id=\"d54704d\" data-element_type=\"container\">\n\t\t\t\t\t<div class=\"e-con-inner\">\n\t\t<div class=\"elementor-element elementor-element-0d7c4dc e-con-full e-flex e-con e-child\" data-id=\"0d7c4dc\" data-element_type=\"container\">\n\t\t\t\t<div class=\"elementor-element elementor-element-1ebc567 elementor-widget elementor-widget-heading\" data-id=\"1ebc567\" data-element_type=\"widget\" data-widget_type=\"heading.default\">\n\t\t\t\t<div class=\"elementor-widget-container\">\n\t\t\t\t\t<h3 class=\"elementor-heading-title elementor-size-default\">F\u00f6r slutkunder<\/h3>\t\t\t\t<\/div>\n\t\t\t\t<\/div>\n\t\t<div class=\"elementor-element elementor-element-5172df3 e-con-full e-grid e-con e-child\" data-id=\"5172df3\" data-element_type=\"container\">\n\t\t\t\t<div class=\"elementor-element elementor-element-8f9672f elementor-position-inline-start elementor-view-default elementor-mobile-position-block-start elementor-widget elementor-widget-icon-box\" data-id=\"8f9672f\" data-element_type=\"widget\" data-widget_type=\"icon-box.default\">\n\t\t\t\t<div class=\"elementor-widget-container\">\n\t\t\t\t\t\t\t<div class=\"elementor-icon-box-wrapper\">\n\n\t\t\t\t\t\t<div class=\"elementor-icon-box-icon\">\n\t\t\t\t<span  class=\"elementor-icon elementor-animation-grow\">\n\t\t\t\t<i aria-hidden=\"true\" class=\"far fa-user-circle\"><\/i>\t\t\t\t<\/span>\n\t\t\t<\/div>\n\t\t\t\n\t\t\t\t\t\t<div class=\"elementor-icon-box-content\">\n\n\t\t\t\t\t\t\t\t\t<h3 class=\"elementor-icon-box-title\">\n\t\t\t\t\t\t<span  >\n\t\t\t\t\t\t\tR\u00e4kna p\u00e5 pris\t\t\t\t\t\t<\/span>\n\t\t\t\t\t<\/h3>\n\t\t\t\t\n\t\t\t\t\t\t\t\t\t<p class=\"elementor-icon-box-description\">\n\t\t\t\t\t\tSom slutkund kan du r\u00e4kna p\u00e5 pris f\u00f6r en cykel med de tillval och komponenter som du \u00e4r intresserad av. Du kan skicka PB:n till dig sj\u00e4lv. Du best\u00e4ller inget och f\u00f6rbinder dig inte till n\u00e5got. \t\t\t\t\t<\/p>\n\t\t\t\t\n\t\t\t<\/div>\n\t\t\t\n\t\t<\/div>\n\t\t\t\t\t\t<\/div>\n\t\t\t\t<\/div>\n\t\t\t\t<div class=\"elementor-element elementor-element-0f063ef elementor-position-inline-start elementor-view-default elementor-mobile-position-block-start elementor-widget elementor-widget-icon-box\" data-id=\"0f063ef\" data-element_type=\"widget\" data-widget_type=\"icon-box.default\">\n\t\t\t\t<div class=\"elementor-widget-container\">\n\t\t\t\t\t\t\t<div class=\"elementor-icon-box-wrapper\">\n\n\t\t\t\t\t\t<div class=\"elementor-icon-box-icon\">\n\t\t\t\t<span  class=\"elementor-icon elementor-animation-grow\">\n\t\t\t\t<i aria-hidden=\"true\" class=\"far fa-user-circle\"><\/i>\t\t\t\t<\/span>\n\t\t\t<\/div>\n\t\t\t\n\t\t\t\t\t\t<div class=\"elementor-icon-box-content\">\n\n\t\t\t\t\t\t\t\t\t<h3 class=\"elementor-icon-box-title\">\n\t\t\t\t\t\t<span  >\n\t\t\t\t\t\t\tSkicka PB till din \u00c5F\t\t\t\t\t\t<\/span>\n\t\t\t\t\t<\/h3>\n\t\t\t\t\n\t\t\t\t\t\t\t\t\t<p class=\"elementor-icon-box-description\">\n\t\t\t\t\t\tEn privatperson som har uppr\u00e4ttat kontakt med en Pilen-\u00e5terf\u00f6rs\u00e4ljare kan du skriva namnet p\u00e5 \u00e5terf\u00f6rs\u00e4ljaren i den PB som du skapar och f\u00e5r skickat till dig som e-postmeddelande. Vidarebefordra denna PB till din valda \u00e5terf\u00f6rs\u00e4ljare.\t\t\t\t\t<\/p>\n\t\t\t\t\n\t\t\t<\/div>\n\t\t\t\n\t\t<\/div>\n\t\t\t\t\t\t<\/div>\n\t\t\t\t<\/div>\n\t\t\t\t<div class=\"elementor-element elementor-element-353d95b elementor-position-inline-start elementor-view-default elementor-mobile-position-block-start elementor-widget elementor-widget-icon-box\" data-id=\"353d95b\" data-element_type=\"widget\" data-widget_type=\"icon-box.default\">\n\t\t\t\t<div class=\"elementor-widget-container\">\n\t\t\t\t\t\t\t<div class=\"elementor-icon-box-wrapper\">\n\n\t\t\t\t\t\t<div class=\"elementor-icon-box-icon\">\n\t\t\t\t<span  class=\"elementor-icon elementor-animation-grow\">\n\t\t\t\t<i aria-hidden=\"true\" class=\"far fa-user-circle\"><\/i>\t\t\t\t<\/span>\n\t\t\t<\/div>\n\t\t\t\n\t\t\t\t\t\t<div class=\"elementor-icon-box-content\">\n\n\t\t\t\t\t\t\t\t\t<h3 class=\"elementor-icon-box-title\">\n\t\t\t\t\t\t<span  >\n\t\t\t\t\t\t\tSkicka PB till cykelaff\u00e4r\t\t\t\t\t\t<\/span>\n\t\t\t\t\t<\/h3>\n\t\t\t\t\n\t\t\t\t\t\t\t\t\t<p class=\"elementor-icon-box-description\">\n\t\t\t\t\t\tUndantag: \u00e4r du en privatperson som har v\u00e4ldigt l\u00e5ngt till en Pilen-\u00e5terf\u00f6rs\u00e4ljare kan du skriva det i f\u00e4ltet \u201cNotering\u201d innan du skickar din PB:n och n\u00e4mna en lokal cykelaff\u00e4r (beh\u00f6ver inte vara en \u00e5terf\u00f6rs\u00e4ljare) s\u00e5 utg\u00e5r vi ifr\u00e5n din spec och f\u00f6rs\u00f6ker ordna leverans\t\t\t\t\t<\/p>\n\t\t\t\t\n\t\t\t<\/div>\n\t\t\t\n\t\t<\/div>\n\t\t\t\t\t\t<\/div>\n\t\t\t\t<\/div>\n\t\t\t\t<\/div>\n\t\t\t\t<\/div>\n\t\t\t\t\t<\/div>\n\t\t\t\t<\/div>\n\t\t<div class=\"elementor-element elementor-element-34d6e65 e-flex e-con-boxed e-con e-parent\" data-id=\"34d6e65\" data-element_type=\"container\">\n\t\t\t\t\t<div class=\"e-con-inner\">\n\t\t\t\t<div class=\"elementor-element elementor-element-6834483 elementor-widget elementor-widget-heading\" data-id=\"6834483\" data-element_type=\"widget\" data-widget_type=\"heading.default\">\n\t\t\t\t<div class=\"elementor-widget-container\">\n\t\t\t\t\t<h3 class=\"elementor-heading-title elementor-size-default\">Pilen Lyx, Pilen GT och Pilen EL1 designmoduler<\/h3>\t\t\t\t<\/div>\n\t\t\t\t<\/div>\n\t\t\t\t<div class=\"elementor-element elementor-element-54d879c elementor-widget elementor-widget-text-editor\" data-id=\"54d879c\" data-element_type=\"widget\" data-widget_type=\"text-editor.default\">\n\t\t\t\t<div class=\"elementor-widget-container\">\n\t\t\t\t\t\t\t\t\t<p>Du kan designa utseende f\u00f6r Pilen Lyx, Pilen GT och Pilen EL1 i Pilens design\u00admoduler.\u00a0<a href=\"https:\/\/www.pilencykel.se\/sv\/designa-din-cykel\/\" target=\"_blank\" rel=\"noopener\">Design\u00admodulerna finns p\u00e5 Pilens webbsida<\/a>. N\u00e4r du designat en Lyx, GT eller EL1 kan du \u00f6verf\u00f6ra den hit till pris\u00adber\u00e4knaren med en knapp\u00adtryckning, v\u00e4lja fler tillval och sedan skicka prisber\u00e4kningen till dig sj\u00e4lv.<\/p>\t\t\t\t\t\t\t\t<\/div>\n\t\t\t\t<\/div>\n\t\t\t\t<div class=\"elementor-element elementor-element-fb04c24 elementor-align-center pilen-button pilen-button-designmodul pilen-button-blink pilen-button-blink-lyx-dam elementor-widget elementor-widget-button\" data-id=\"fb04c24\" data-element_type=\"widget\" data-widget_type=\"button.default\">\n\t\t\t\t<div class=\"elementor-widget-container\">\n\t\t\t\t\t\t\t\t\t<div class=\"elementor-button-wrapper\">\n\t\t\t\t\t<a class=\"elementor-button elementor-button-link elementor-size-sm\" href=\"https:\/\/www.pilencykel.se\/sv\/designa-din-cykel\/\" target=\"_blank\">\n\t\t\t\t\t\t<span class=\"elementor-button-content-wrapper\">\n\t\t\t\t\t\t<span class=\"elementor-button-icon\">\n\t\t\t\t<i aria-hidden=\"true\" class=\"fas fa-th-list\"><\/i>\t\t\t<\/span>\n\t\t\t\t\t\t\t\t\t<span class=\"elementor-button-text\">Designa din cykel : modell\u00f6versikt<\/span>\n\t\t\t\t\t<\/span>\n\t\t\t\t\t<\/a>\n\t\t\t\t<\/div>\n\t\t\t\t\t\t\t\t<\/div>\n\t\t\t\t<\/div>\n\t\t<div class=\"elementor-element elementor-element-18234ed e-con-full e-grid elementor-hidden-desktop elementor-hidden-tablet elementor-hidden-mobile e-con e-child\" data-id=\"18234ed\" data-element_type=\"container\">\n\t\t<div class=\"elementor-element elementor-element-9ff196f e-con-full e-flex e-con e-child\" data-id=\"9ff196f\" data-element_type=\"container\">\n\t\t\t\t<div class=\"elementor-element elementor-element-6a470fd elementor-hidden-desktop elementor-hidden-tablet elementor-hidden-mobile elementor-widget elementor-widget-image\" data-id=\"6a470fd\" data-element_type=\"widget\" data-widget_type=\"image.default\">\n\t\t\t\t<div class=\"elementor-widget-container\">\n\t\t\t\t\t\t\t\t\t\t\t\t\t\t\t\t<a href=\"https:\/\/www.pilencykel.se\/sv\/pilen-lyx-damcykel-konfigurator\/\" target=\"_blank\">\n\t\t\t\t\t\t\t<img fetchpriority=\"high\" decoding=\"async\" width=\"1558\" height=\"994\" src=\"https:\/\/www.pilencykel.se\/workshop\/wp-content\/uploads\/2024\/07\/fritt-fargval-front-ladies.png\" class=\"attachment-medium_large size-medium_large wp-image-16020\" alt=\"\" srcset=\"https:\/\/www.pilencykel.se\/workshop\/wp-content\/uploads\/2024\/07\/fritt-fargval-front-ladies.png.webp 1558w, https:\/\/www.pilencykel.se\/workshop\/wp-content\/uploads\/2024\/07\/fritt-fargval-front-ladies-300x191.png.webp 300w, https:\/\/www.pilencykel.se\/workshop\/wp-content\/uploads\/2024\/07\/fritt-fargval-front-ladies-1024x653.png.webp 1024w, https:\/\/www.pilencykel.se\/workshop\/wp-content\/uploads\/2024\/07\/fritt-fargval-front-ladies-1536x980.png.webp 1536w, https:\/\/www.pilencykel.se\/workshop\/wp-content\/uploads\/2024\/07\/fritt-fargval-front-ladies-600x383.png.webp 600w\" sizes=\"(max-width: 1558px) 100vw, 1558px\" \/>\t\t\t\t\t\t\t\t<\/a>\n\t\t\t\t\t\t\t\t\t\t\t\t\t\t\t<\/div>\n\t\t\t\t<\/div>\n\t\t\t\t<div class=\"elementor-element elementor-element-9c1020d elementor-widget elementor-widget-heading\" data-id=\"9c1020d\" data-element_type=\"widget\" data-widget_type=\"heading.default\">\n\t\t\t\t<div class=\"elementor-widget-container\">\n\t\t\t\t\t<h6 class=\"elementor-heading-title elementor-size-default\"><a href=\"https:\/\/www.pilencykel.se\/sv\/pilen-lyx-damcykel-konfigurator\/\" target=\"_blank\">Pilen Lyx klassisk damcykel<\/a><\/h6>\t\t\t\t<\/div>\n\t\t\t\t<\/div>\n\t\t\t\t<div class=\"elementor-element elementor-element-e684c62 elementor-align-center elementor-widget elementor-widget-button\" data-id=\"e684c62\" data-element_type=\"widget\" data-widget_type=\"button.default\">\n\t\t\t\t<div class=\"elementor-widget-container\">\n\t\t\t\t\t\t\t\t\t<div class=\"elementor-button-wrapper\">\n\t\t\t\t\t<a class=\"elementor-button elementor-button-link elementor-size-sm\" href=\"https:\/\/www.pilencykel.se\/sv\/pilen-lyx-damcykel-konfigurator\/\" target=\"_blank\">\n\t\t\t\t\t\t<span class=\"elementor-button-content-wrapper\">\n\t\t\t\t\t\t<span class=\"elementor-button-icon\">\n\t\t\t\t<i aria-hidden=\"true\" class=\"fas fa-th-list\"><\/i>\t\t\t<\/span>\n\t\t\t\t\t\t\t\t\t<span class=\"elementor-button-text\">Designmodul Pilen Lyx dam<\/span>\n\t\t\t\t\t<\/span>\n\t\t\t\t\t<\/a>\n\t\t\t\t<\/div>\n\t\t\t\t\t\t\t\t<\/div>\n\t\t\t\t<\/div>\n\t\t\t\t<\/div>\n\t\t<div class=\"elementor-element elementor-element-7696b21 e-con-full e-flex e-con e-child\" data-id=\"7696b21\" data-element_type=\"container\">\n\t\t\t\t<div class=\"elementor-element elementor-element-da315a9 elementor-hidden-desktop elementor-hidden-tablet elementor-hidden-mobile elementor-widget elementor-widget-image\" data-id=\"da315a9\" data-element_type=\"widget\" data-widget_type=\"image.default\">\n\t\t\t\t<div class=\"elementor-widget-container\">\n\t\t\t\t\t\t\t\t\t\t\t\t\t\t\t\t<a href=\"https:\/\/www.pilencykel.se\/sv\/pilen-lyx-herrcykel-konfigurator\/\" target=\"_blank\">\n\t\t\t\t\t\t\t<img decoding=\"async\" width=\"1534\" height=\"1009\" src=\"https:\/\/www.pilencykel.se\/workshop\/wp-content\/uploads\/2024\/07\/fritt-fargval-front-gents.png\" class=\"attachment-medium_large size-medium_large wp-image-16021\" alt=\"\" srcset=\"https:\/\/www.pilencykel.se\/workshop\/wp-content\/uploads\/2024\/07\/fritt-fargval-front-gents.png.webp 1534w, https:\/\/www.pilencykel.se\/workshop\/wp-content\/uploads\/2024\/07\/fritt-fargval-front-gents-300x197.png.webp 300w, https:\/\/www.pilencykel.se\/workshop\/wp-content\/uploads\/2024\/07\/fritt-fargval-front-gents-1024x674.png.webp 1024w, https:\/\/www.pilencykel.se\/workshop\/wp-content\/uploads\/2024\/07\/fritt-fargval-front-gents-600x395.png.webp 600w\" sizes=\"(max-width: 1534px) 100vw, 1534px\" \/>\t\t\t\t\t\t\t\t<\/a>\n\t\t\t\t\t\t\t\t\t\t\t\t\t\t\t<\/div>\n\t\t\t\t<\/div>\n\t\t\t\t<div class=\"elementor-element elementor-element-c372e0d elementor-widget elementor-widget-heading\" data-id=\"c372e0d\" data-element_type=\"widget\" data-widget_type=\"heading.default\">\n\t\t\t\t<div class=\"elementor-widget-container\">\n\t\t\t\t\t<h6 class=\"elementor-heading-title elementor-size-default\"><a href=\"https:\/\/www.pilencykel.se\/sv\/pilen-lyx-herrcykel-konfigurator\/\" target=\"_blank\">Pilen Lyx klassisk herrcykel<\/a><\/h6>\t\t\t\t<\/div>\n\t\t\t\t<\/div>\n\t\t\t\t<div class=\"elementor-element elementor-element-634ae4f elementor-align-center elementor-widget elementor-widget-button\" data-id=\"634ae4f\" data-element_type=\"widget\" data-widget_type=\"button.default\">\n\t\t\t\t<div class=\"elementor-widget-container\">\n\t\t\t\t\t\t\t\t\t<div class=\"elementor-button-wrapper\">\n\t\t\t\t\t<a class=\"elementor-button elementor-button-link elementor-size-sm\" href=\"https:\/\/www.pilencykel.se\/sv\/pilen-lyx-herrcykel-konfigurator\/\" target=\"_blank\">\n\t\t\t\t\t\t<span class=\"elementor-button-content-wrapper\">\n\t\t\t\t\t\t<span class=\"elementor-button-icon\">\n\t\t\t\t<i aria-hidden=\"true\" class=\"fas fa-th-list\"><\/i>\t\t\t<\/span>\n\t\t\t\t\t\t\t\t\t<span class=\"elementor-button-text\">Designmodul Pilen Lyx herr<\/span>\n\t\t\t\t\t<\/span>\n\t\t\t\t\t<\/a>\n\t\t\t\t<\/div>\n\t\t\t\t\t\t\t\t<\/div>\n\t\t\t\t<\/div>\n\t\t\t\t<\/div>\n\t\t<div class=\"elementor-element elementor-element-1cee8f7 e-con-full e-flex e-con e-child\" data-id=\"1cee8f7\" data-element_type=\"container\">\n\t\t\t\t<div class=\"elementor-element elementor-element-0db05ae elementor-hidden-desktop elementor-hidden-tablet elementor-hidden-mobile elementor-widget elementor-widget-image\" data-id=\"0db05ae\" data-element_type=\"widget\" data-widget_type=\"image.default\">\n\t\t\t\t<div class=\"elementor-widget-container\">\n\t\t\t\t\t\t\t\t\t\t\t\t\t\t\t\t<a href=\"https:\/\/www.pilencykel.se\/sv\/pilen-gt-damcykel-konfigurator\/\" target=\"_blank\">\n\t\t\t\t\t\t\t<img decoding=\"async\" width=\"1920\" height=\"1280\" src=\"https:\/\/www.pilencykel.se\/workshop\/wp-content\/uploads\/2024\/07\/04-HF-RK-SvF-gt-special-dam-ljusgron.jpg\" class=\"attachment-medium_large size-medium_large wp-image-16022\" alt=\"\" srcset=\"https:\/\/www.pilencykel.se\/workshop\/wp-content\/uploads\/2024\/07\/04-HF-RK-SvF-gt-special-dam-ljusgron.jpg.webp 1920w, https:\/\/www.pilencykel.se\/workshop\/wp-content\/uploads\/2024\/07\/04-HF-RK-SvF-gt-special-dam-ljusgron-300x200.jpg.webp 300w, https:\/\/www.pilencykel.se\/workshop\/wp-content\/uploads\/2024\/07\/04-HF-RK-SvF-gt-special-dam-ljusgron-1024x683.jpg.webp 1024w, https:\/\/www.pilencykel.se\/workshop\/wp-content\/uploads\/2024\/07\/04-HF-RK-SvF-gt-special-dam-ljusgron-1536x1024.jpg.webp 1536w, https:\/\/www.pilencykel.se\/workshop\/wp-content\/uploads\/2024\/07\/04-HF-RK-SvF-gt-special-dam-ljusgron-600x400.jpg.webp 600w\" sizes=\"(max-width: 1920px) 100vw, 1920px\" \/>\t\t\t\t\t\t\t\t<\/a>\n\t\t\t\t\t\t\t\t\t\t\t\t\t\t\t<\/div>\n\t\t\t\t<\/div>\n\t\t\t\t<div class=\"elementor-element elementor-element-e20e8fe elementor-widget elementor-widget-heading\" data-id=\"e20e8fe\" data-element_type=\"widget\" data-widget_type=\"heading.default\">\n\t\t\t\t<div class=\"elementor-widget-container\">\n\t\t\t\t\t<h6 class=\"elementor-heading-title elementor-size-default\"><a href=\"https:\/\/www.pilencykel.se\/sv\/pilen-gt-damcykel-konfigurator\/\" target=\"_blank\">Pilen GT citycykel dam<\/a><\/h6>\t\t\t\t<\/div>\n\t\t\t\t<\/div>\n\t\t\t\t<div class=\"elementor-element elementor-element-fde4162 elementor-align-center elementor-widget elementor-widget-button\" data-id=\"fde4162\" data-element_type=\"widget\" data-widget_type=\"button.default\">\n\t\t\t\t<div class=\"elementor-widget-container\">\n\t\t\t\t\t\t\t\t\t<div class=\"elementor-button-wrapper\">\n\t\t\t\t\t<a class=\"elementor-button elementor-button-link elementor-size-sm\" href=\"https:\/\/www.pilencykel.se\/sv\/pilen-gt-damcykel-konfigurator\/\" target=\"_blank\">\n\t\t\t\t\t\t<span class=\"elementor-button-content-wrapper\">\n\t\t\t\t\t\t<span class=\"elementor-button-icon\">\n\t\t\t\t<i aria-hidden=\"true\" class=\"fas fa-th-list\"><\/i>\t\t\t<\/span>\n\t\t\t\t\t\t\t\t\t<span class=\"elementor-button-text\">Designmodul Pilen GT dam<\/span>\n\t\t\t\t\t<\/span>\n\t\t\t\t\t<\/a>\n\t\t\t\t<\/div>\n\t\t\t\t\t\t\t\t<\/div>\n\t\t\t\t<\/div>\n\t\t\t\t<\/div>\n\t\t<div class=\"elementor-element elementor-element-762ff0d e-con-full e-flex e-con e-child\" data-id=\"762ff0d\" data-element_type=\"container\">\n\t\t\t\t<div class=\"elementor-element elementor-element-e0db0cd elementor-hidden-desktop elementor-hidden-tablet elementor-hidden-mobile elementor-widget elementor-widget-image\" data-id=\"e0db0cd\" data-element_type=\"widget\" data-widget_type=\"image.default\">\n\t\t\t\t<div class=\"elementor-widget-container\">\n\t\t\t\t\t\t\t\t\t\t\t\t\t\t\t\t<a href=\"https:\/\/www.pilencykel.se\/sv\/pilen-gt-herrcykel-konfigurator\/\" target=\"_blank\">\n\t\t\t\t\t\t\t<img loading=\"lazy\" decoding=\"async\" width=\"1024\" height=\"683\" src=\"https:\/\/www.pilencykel.se\/workshop\/wp-content\/uploads\/2024\/07\/Gt-Gnt.fra-5001.mud-5001.cha-none.car-9005.sad-b17-hon.rim-blk.ba-none.gri-crk.bel-pilen.plus-1500.jpg\" class=\"attachment-medium_large size-medium_large wp-image-16023\" alt=\"\" srcset=\"https:\/\/www.pilencykel.se\/workshop\/wp-content\/uploads\/2024\/07\/Gt-Gnt.fra-5001.mud-5001.cha-none.car-9005.sad-b17-hon.rim-blk.ba-none.gri-crk.bel-pilen.plus-1500.jpg.webp 1024w, https:\/\/www.pilencykel.se\/workshop\/wp-content\/uploads\/2024\/07\/Gt-Gnt.fra-5001.mud-5001.cha-none.car-9005.sad-b17-hon.rim-blk.ba-none.gri-crk.bel-pilen.plus-1500-300x200.jpg.webp 300w, https:\/\/www.pilencykel.se\/workshop\/wp-content\/uploads\/2024\/07\/Gt-Gnt.fra-5001.mud-5001.cha-none.car-9005.sad-b17-hon.rim-blk.ba-none.gri-crk.bel-pilen.plus-1500-600x400.jpg.webp 600w\" sizes=\"(max-width: 1024px) 100vw, 1024px\" \/>\t\t\t\t\t\t\t\t<\/a>\n\t\t\t\t\t\t\t\t\t\t\t\t\t\t\t<\/div>\n\t\t\t\t<\/div>\n\t\t\t\t<div class=\"elementor-element elementor-element-81df4e2 elementor-widget elementor-widget-heading\" data-id=\"81df4e2\" data-element_type=\"widget\" data-widget_type=\"heading.default\">\n\t\t\t\t<div class=\"elementor-widget-container\">\n\t\t\t\t\t<h6 class=\"elementor-heading-title elementor-size-default\"><a href=\"https:\/\/www.pilencykel.se\/sv\/pilen-gt-herrcykel-konfigurator\/\" target=\"_blank\">Pilen GT citycykel herr<\/a><\/h6>\t\t\t\t<\/div>\n\t\t\t\t<\/div>\n\t\t\t\t<div class=\"elementor-element elementor-element-b19d9ba elementor-align-center elementor-widget elementor-widget-button\" data-id=\"b19d9ba\" data-element_type=\"widget\" data-widget_type=\"button.default\">\n\t\t\t\t<div class=\"elementor-widget-container\">\n\t\t\t\t\t\t\t\t\t<div class=\"elementor-button-wrapper\">\n\t\t\t\t\t<a class=\"elementor-button elementor-button-link elementor-size-sm\" href=\"https:\/\/www.pilencykel.se\/sv\/pilen-gt-herrcykel-konfigurator\/\" target=\"_blank\">\n\t\t\t\t\t\t<span class=\"elementor-button-content-wrapper\">\n\t\t\t\t\t\t<span class=\"elementor-button-icon\">\n\t\t\t\t<i aria-hidden=\"true\" class=\"fas fa-th-list\"><\/i>\t\t\t<\/span>\n\t\t\t\t\t\t\t\t\t<span class=\"elementor-button-text\">Designmodul Pilen GT herr<\/span>\n\t\t\t\t\t<\/span>\n\t\t\t\t\t<\/a>\n\t\t\t\t<\/div>\n\t\t\t\t\t\t\t\t<\/div>\n\t\t\t\t<\/div>\n\t\t\t\t<\/div>\n\t\t\t\t<\/div>\n\t\t\t\t<div class=\"elementor-element elementor-element-6bc5dea elementor-hidden-desktop elementor-hidden-tablet elementor-hidden-mobile elementor-widget elementor-widget-icon-box\" data-id=\"6bc5dea\" data-element_type=\"widget\" data-widget_type=\"icon-box.default\">\n\t\t\t\t<div class=\"elementor-widget-container\">\n\t\t\t\t\t\t\t<div class=\"elementor-icon-box-wrapper\">\n\n\t\t\t\n\t\t\t\t\t\t<div class=\"elementor-icon-box-content\">\n\n\t\t\t\t\t\t\t\t\t<span class=\"elementor-icon-box-title\">\n\t\t\t\t\t\t<span  >\n\t\t\t\t\t\t\tUppdatering 2024 Pilen Lyx\t\t\t\t\t\t<\/span>\n\t\t\t\t\t<\/span>\n\t\t\t\t\n\t\t\t\t\t\t\t\t\t<p class=\"elementor-icon-box-description\">\n\t\t\t\t\t\tF\u00f6rb\u00e4ttrat uppl\u00e4gg f\u00f6r f\u00e4rgerna f\u00f6r Pilen Lyx dam och herr. Det tidigare valet Helf\u00e4rgad cykel  blir ett val av utf\u00f6rande av st\u00e4nksk\u00e4rmar, paketh\u00e5llare och kedjeskydd. \nPilen Lyx damcykel \u00e4r uppdaterad med nya val f\u00f6r f\u00e4rg. Ny  <a href=\"https:\/\/www.pilencykel.se\/sv\/pilen-lyx-damcykel-konfigurator\/\" target=\"_blank\" rel=\"noopener\">designmodul f\u00f6r Pilen Lyx damcykel<\/a>.\nPilen Lyx herrcykel \u00e4r uppdaterad med nya val f\u00f6r f\u00e4rg. Ny <a href=\"https:\/\/www.pilencykel.se\/sv\/pilen-lyx-herrcykel-konfigurator\/\" target=\"_blank\" rel=\"noopener\">designmodul f\u00f6r Pilen Lyx herrcykel<\/a>.\t\t\t\t\t<\/p>\n\t\t\t\t\n\t\t\t<\/div>\n\t\t\t\n\t\t<\/div>\n\t\t\t\t\t\t<\/div>\n\t\t\t\t<\/div>\n\t\t\t\t<div class=\"elementor-element elementor-element-0fbc04e elementor-hidden-desktop elementor-hidden-tablet elementor-hidden-mobile elementor-widget elementor-widget-icon-box\" data-id=\"0fbc04e\" data-element_type=\"widget\" data-widget_type=\"icon-box.default\">\n\t\t\t\t<div class=\"elementor-widget-container\">\n\t\t\t\t\t\t\t<div class=\"elementor-icon-box-wrapper\">\n\n\t\t\t\n\t\t\t\t\t\t<div class=\"elementor-icon-box-content\">\n\n\t\t\t\t\t\t\t\t\t<span class=\"elementor-icon-box-title\">\n\t\t\t\t\t\t<span  >\n\t\t\t\t\t\t\tUppdatering 2024 Pilen GT\t\t\t\t\t\t<\/span>\n\t\t\t\t\t<\/span>\n\t\t\t\t\n\t\t\t\t\t\t\t\t\t<p class=\"elementor-icon-box-description\">\n\t\t\t\t\t\t2024-07-08: Designmodulerna f\u00f6r <a href=\"https:\/\/www.pilencykel.se\/sv\/pilen-gt-damcykel-konfigurator\/\" title=\"Designmodul Pilen GT dam\" target=\"_blank\">Pilen GT damcykel<\/a> och <a href=\"https:\/\/www.pilencykel.se\/sv\/pilen-gt-herrcykel-konfigurator\/\" title=\"Designmodul Pilen GT herr\" target=\"_blank\"> Pilen GT herrcykel<\/a> \u00e4r klara. <br>\n2024-06-13: Vi har f\u00f6rb\u00e4ttrat uppl\u00e4gget f\u00f6r f\u00e4rger Pilen GT dam och herr. Det tidigare valet Helf\u00e4rgad cykel  blir val av utf\u00f6rande av st\u00e4nksk\u00e4rmar och kedjeskydd. \t\t\t\t\t<\/p>\n\t\t\t\t\n\t\t\t<\/div>\n\t\t\t\n\t\t<\/div>\n\t\t\t\t\t\t<\/div>\n\t\t\t\t<\/div>\n\t\t\t\t\t<\/div>\n\t\t\t\t<\/div>\n\t\t<div class=\"elementor-element elementor-element-ae20589 e-flex e-con-boxed e-con e-parent\" data-id=\"ae20589\" data-element_type=\"container\">\n\t\t\t\t\t<div class=\"e-con-inner\">\n\t\t<div class=\"elementor-element elementor-element-9a85749 e-con-full e-flex e-con e-child\" data-id=\"9a85749\" data-element_type=\"container\">\n\t\t\t\t<div class=\"elementor-element elementor-element-31e75d8 elementor-widget elementor-widget-heading\" data-id=\"31e75d8\" data-element_type=\"widget\" data-widget_type=\"heading.default\">\n\t\t\t\t<div class=\"elementor-widget-container\">\n\t\t\t\t\t<h2 class=\"elementor-heading-title elementor-size-default\">R\u00e4kna p\u00e5 pris Pilens cyklar<\/h2>\t\t\t\t<\/div>\n\t\t\t\t<\/div>\n\t\t\t\t<\/div>\n\t\t\t\t\t<\/div>\n\t\t\t\t<\/div>\n\t\t\t\t<\/div>\n\t\t<\/p>\n<div style=\"padding: 1%;\"><div class=\"woocommerce columns-4 \"><ul class=\"products columns-4\">\n<li class=\"desktop-align-left tablet-align-left mobile-align-left ast-product-gallery-layout-horizontal ast-product-single-variable ast-product-tabs-layout-horizontal tm-has-styled-variations tm-has-options product type-product post-15635 status-publish first instock product_cat-herr product_cat-pilen-lyx product_tag-pilen-lyx-herr has-post-thumbnail featured taxable shipping-taxable purchasable product-type-variable has-default-attributes\">\n\t<a href=\"https:\/\/www.pilencykel.se\/workshop\/produkt\/pilen-lyx-mens\/\" class=\"woocommerce-LoopProduct-link woocommerce-loop-product__link\"><img loading=\"lazy\" decoding=\"async\" width=\"300\" height=\"300\" src=\"https:\/\/www.pilencykel.se\/workshop\/wp-content\/uploads\/2024\/05\/01-NF-lyx-herr-bla-d-creme-300x300.jpg\" class=\"attachment-woocommerce_thumbnail size-woocommerce_thumbnail\" alt=\"Pilen Lyx herr Bl\u00e5 RAL 5001. Extrautrustad: sadel Brooks B67 honung \u00e4kta l\u00e4der och Schwalbe creme ballongd\u00e4ck.\" srcset=\"https:\/\/www.pilencykel.se\/workshop\/wp-content\/uploads\/2024\/05\/01-NF-lyx-herr-bla-d-creme-300x300.jpg 300w, https:\/\/www.pilencykel.se\/workshop\/wp-content\/uploads\/2024\/05\/01-NF-lyx-herr-bla-d-creme-250x250.jpg 250w, https:\/\/www.pilencykel.se\/workshop\/wp-content\/uploads\/2024\/05\/01-NF-lyx-herr-bla-d-creme-150x150.jpg 150w\" sizes=\"(max-width: 300px) 100vw, 300px\" \/><h2 class=\"woocommerce-loop-product__title\">Pilen Lyx herr<\/h2>\n\t<span class=\"price\"><span class=\"from\">Fr\u00e5n: <\/span><span class=\"woocommerce-Price-amount amount\"><bdi>9 545,00&nbsp;<span class=\"woocommerce-Price-currencySymbol\">&#107;&#114;<\/span><\/bdi><\/span> <small><\/small><\/span>\n<\/a><a href=\"https:\/\/www.pilencykel.se\/workshop\/produkt\/pilen-lyx-mens\/\" aria-describedby=\"woocommerce_loop_add_to_cart_link_describedby_15635\" data-quantity=\"1\" class=\"button product_type_variable add_to_cart_button \" data-product_id=\"15635\" data-product_sku=\"pilen-lyx-herr-1\" aria-label=\"V\u00e4lj alternativ f\u00f6r \u201dPilen Lyx herr\u201d\" rel=\"nofollow\">V\u00e4lj alternativ<\/a>\t<span id=\"woocommerce_loop_add_to_cart_link_describedby_15635\" class=\"screen-reader-text\">\n\t\tDen h\u00e4r produkten har flera varianter. De olika alternativen kan v\u00e4ljas p\u00e5 produktsidan\t<\/span>\n<\/li>\n<li class=\"desktop-align-left tablet-align-left mobile-align-left ast-product-gallery-layout-horizontal ast-product-single-variable ast-product-tabs-layout-horizontal product type-product post-15575 status-publish instock product_cat-dam product_cat-pilen-lyx has-post-thumbnail featured taxable shipping-taxable purchasable product-type-variable has-default-attributes\">\n\t<a href=\"https:\/\/www.pilencykel.se\/workshop\/produkt\/pilen-lyx-ladies\/\" class=\"woocommerce-LoopProduct-link woocommerce-loop-product__link\"><img loading=\"lazy\" decoding=\"async\" width=\"300\" height=\"300\" src=\"https:\/\/www.pilencykel.se\/workshop\/wp-content\/uploads\/2024\/06\/rosa-lyx-dam-300x300.jpg\" class=\"attachment-woocommerce_thumbnail size-woocommerce_thumbnail\" alt=\"Rosa RAL3015\" srcset=\"https:\/\/www.pilencykel.se\/workshop\/wp-content\/uploads\/2024\/06\/rosa-lyx-dam-300x300.jpg 300w, https:\/\/www.pilencykel.se\/workshop\/wp-content\/uploads\/2024\/06\/rosa-lyx-dam-150x150.jpg 150w, https:\/\/www.pilencykel.se\/workshop\/wp-content\/uploads\/2024\/06\/rosa-lyx-dam-250x250.jpg 250w\" sizes=\"(max-width: 300px) 100vw, 300px\" \/><h2 class=\"woocommerce-loop-product__title\">Pilen Lyx dam<\/h2>\n\t<span class=\"price\"><span class=\"from\">Fr\u00e5n: <\/span><span class=\"woocommerce-Price-amount amount\"><bdi>9 545,00&nbsp;<span class=\"woocommerce-Price-currencySymbol\">&#107;&#114;<\/span><\/bdi><\/span> <small><\/small><\/span>\n<\/a><a href=\"https:\/\/www.pilencykel.se\/workshop\/produkt\/pilen-lyx-ladies\/\" aria-describedby=\"woocommerce_loop_add_to_cart_link_describedby_15575\" data-quantity=\"1\" class=\"button product_type_variable add_to_cart_button \" data-product_id=\"15575\" data-product_sku=\"pilen-lyx-dam-1\" aria-label=\"V\u00e4lj alternativ f\u00f6r \u201dPilen Lyx dam\u201d\" rel=\"nofollow\">V\u00e4lj alternativ<\/a>\t<span id=\"woocommerce_loop_add_to_cart_link_describedby_15575\" class=\"screen-reader-text\">\n\t\tDen h\u00e4r produkten har flera varianter. De olika alternativen kan v\u00e4ljas p\u00e5 produktsidan\t<\/span>\n<\/li>\n<li class=\"desktop-align-left tablet-align-left mobile-align-left ast-product-gallery-layout-horizontal ast-product-gallery-with-no-image ast-product-single-variable ast-product-tabs-layout-horizontal product type-product post-16814 status-publish instock product_cat-dam product_cat-ida has-post-thumbnail featured taxable shipping-taxable purchasable product-type-variable has-default-attributes\">\n\t<a href=\"https:\/\/www.pilencykel.se\/workshop\/produkt\/pilen-ida-dam\/\" class=\"woocommerce-LoopProduct-link woocommerce-loop-product__link\"><img loading=\"lazy\" decoding=\"async\" width=\"300\" height=\"300\" src=\"https:\/\/www.pilencykel.se\/workshop\/wp-content\/uploads\/2025\/03\/09-pilen-ida-svart-2-300x300.jpg\" class=\"attachment-woocommerce_thumbnail size-woocommerce_thumbnail\" alt=\"Pilen Ida Svart RAL9005.\" srcset=\"https:\/\/www.pilencykel.se\/workshop\/wp-content\/uploads\/2025\/03\/09-pilen-ida-svart-2-300x300.jpg 300w, https:\/\/www.pilencykel.se\/workshop\/wp-content\/uploads\/2025\/03\/09-pilen-ida-svart-2-150x150.jpg 150w, https:\/\/www.pilencykel.se\/workshop\/wp-content\/uploads\/2025\/03\/09-pilen-ida-svart-2-250x250.jpg 250w\" sizes=\"(max-width: 300px) 100vw, 300px\" \/><h2 class=\"woocommerce-loop-product__title\">Pilen Ida dam<\/h2>\n\t<span class=\"price\"><span class=\"from\">Fr\u00e5n: <\/span><span class=\"woocommerce-Price-amount amount\"><bdi>9 545,00&nbsp;<span class=\"woocommerce-Price-currencySymbol\">&#107;&#114;<\/span><\/bdi><\/span> <small><\/small><\/span>\n<\/a><a href=\"https:\/\/www.pilencykel.se\/workshop\/produkt\/pilen-ida-dam\/\" aria-describedby=\"woocommerce_loop_add_to_cart_link_describedby_16814\" data-quantity=\"1\" class=\"button product_type_variable add_to_cart_button \" data-product_id=\"16814\" data-product_sku=\"pilen-ida-dam-1\" aria-label=\"V\u00e4lj alternativ f\u00f6r \u201dPilen Ida dam\u201d\" rel=\"nofollow\">V\u00e4lj alternativ<\/a>\t<span id=\"woocommerce_loop_add_to_cart_link_describedby_16814\" class=\"screen-reader-text\">\n\t\tDen h\u00e4r produkten har flera varianter. De olika alternativen kan v\u00e4ljas p\u00e5 produktsidan\t<\/span>\n<\/li>\n<li class=\"desktop-align-left tablet-align-left mobile-align-left ast-product-gallery-layout-horizontal ast-product-single-variable ast-product-tabs-layout-horizontal product type-product post-1272 status-publish last instock product_cat-cyklar product_cat-gtv product_cat-herr has-post-thumbnail featured taxable shipping-taxable purchasable product-type-variable has-default-attributes\">\n\t<a href=\"https:\/\/www.pilencykel.se\/workshop\/produkt\/pilen-gtv-herr\/\" class=\"woocommerce-LoopProduct-link woocommerce-loop-product__link\"><img loading=\"lazy\" decoding=\"async\" width=\"300\" height=\"300\" src=\"https:\/\/www.pilencykel.se\/workshop\/wp-content\/uploads\/2024\/05\/01-gtv-herr-9005-300x300.jpg\" class=\"attachment-woocommerce_thumbnail size-woocommerce_thumbnail\" alt=\"Pilen GTV herr Svart RAL 9005. Extrautrustad: sadel Brooks B17 brun i \u00e4kta l\u00e4der, pedaler Marwi SP-2150 och handtag Herrmans Primergo.\" srcset=\"https:\/\/www.pilencykel.se\/workshop\/wp-content\/uploads\/2024\/05\/01-gtv-herr-9005-300x300.jpg 300w, https:\/\/www.pilencykel.se\/workshop\/wp-content\/uploads\/2024\/05\/01-gtv-herr-9005-250x250.jpg 250w, https:\/\/www.pilencykel.se\/workshop\/wp-content\/uploads\/2024\/05\/01-gtv-herr-9005-150x150.jpg 150w\" sizes=\"(max-width: 300px) 100vw, 300px\" \/><h2 class=\"woocommerce-loop-product__title\">Pilen GTV herr<\/h2>\n\t<span class=\"price\"><span class=\"from\">Fr\u00e5n: <\/span><span class=\"woocommerce-Price-amount amount\"><bdi>14 795,00&nbsp;<span class=\"woocommerce-Price-currencySymbol\">&#107;&#114;<\/span><\/bdi><\/span> <small><\/small><\/span>\n<\/a><a href=\"https:\/\/www.pilencykel.se\/workshop\/produkt\/pilen-gtv-herr\/\" aria-describedby=\"woocommerce_loop_add_to_cart_link_describedby_1272\" data-quantity=\"1\" class=\"button product_type_variable add_to_cart_button \" data-product_id=\"1272\" data-product_sku=\"pilen-gtv-herr\" aria-label=\"V\u00e4lj alternativ f\u00f6r \u201dPilen GTV herr\u201d\" rel=\"nofollow\">V\u00e4lj alternativ<\/a>\t<span id=\"woocommerce_loop_add_to_cart_link_describedby_1272\" class=\"screen-reader-text\">\n\t\tDen h\u00e4r produkten har flera varianter. De olika alternativen kan v\u00e4ljas p\u00e5 produktsidan\t<\/span>\n<\/li>\n<li class=\"desktop-align-left tablet-align-left mobile-align-left ast-product-gallery-layout-horizontal ast-product-single-variable ast-product-tabs-layout-horizontal product type-product post-1622 status-publish first instock product_cat-cyklar product_cat-dam product_cat-gtv has-post-thumbnail featured taxable shipping-taxable purchasable product-type-variable has-default-attributes\">\n\t<a href=\"https:\/\/www.pilencykel.se\/workshop\/produkt\/pilen-gtv-dam\/\" class=\"woocommerce-LoopProduct-link woocommerce-loop-product__link\"><img loading=\"lazy\" decoding=\"async\" width=\"300\" height=\"300\" src=\"https:\/\/www.pilencykel.se\/workshop\/wp-content\/uploads\/2024\/05\/05-HF-SvF-gtv-dam-svart-300x300.jpg\" class=\"attachment-woocommerce_thumbnail size-woocommerce_thumbnail\" alt=\"Pilen GTV Svart RAL 9005 3004. Svarta f\u00e4lgar. Extrautrustad: helf\u00e4rgad cykel, sadel Brooks B17 honung \u00e4kta l\u00e4der och pedaler Marwi SP-2150.\" srcset=\"https:\/\/www.pilencykel.se\/workshop\/wp-content\/uploads\/2024\/05\/05-HF-SvF-gtv-dam-svart-300x300.jpg 300w, https:\/\/www.pilencykel.se\/workshop\/wp-content\/uploads\/2024\/05\/05-HF-SvF-gtv-dam-svart-150x150.jpg 150w, https:\/\/www.pilencykel.se\/workshop\/wp-content\/uploads\/2024\/05\/05-HF-SvF-gtv-dam-svart-250x250.jpg 250w\" sizes=\"(max-width: 300px) 100vw, 300px\" \/><h2 class=\"woocommerce-loop-product__title\">Pilen GTV dam<\/h2>\n\t<span class=\"price\"><span class=\"from\">Fr\u00e5n: <\/span><span class=\"woocommerce-Price-amount amount\"><bdi>14 795,00&nbsp;<span class=\"woocommerce-Price-currencySymbol\">&#107;&#114;<\/span><\/bdi><\/span> <small><\/small><\/span>\n<\/a><a href=\"https:\/\/www.pilencykel.se\/workshop\/produkt\/pilen-gtv-dam\/\" aria-describedby=\"woocommerce_loop_add_to_cart_link_describedby_1622\" data-quantity=\"1\" class=\"button product_type_variable add_to_cart_button \" data-product_id=\"1622\" data-product_sku=\"pilen-gtv-dam\" aria-label=\"V\u00e4lj alternativ f\u00f6r \u201dPilen GTV dam\u201d\" rel=\"nofollow\">V\u00e4lj alternativ<\/a>\t<span id=\"woocommerce_loop_add_to_cart_link_describedby_1622\" class=\"screen-reader-text\">\n\t\tDen h\u00e4r produkten har flera varianter. De olika alternativen kan v\u00e4ljas p\u00e5 produktsidan\t<\/span>\n<\/li>\n<li class=\"desktop-align-left tablet-align-left mobile-align-left ast-product-gallery-layout-horizontal ast-product-single-variable ast-product-tabs-layout-horizontal product type-product post-15749 status-publish instock product_cat-cyklar product_cat-gt product_cat-herr has-post-thumbnail featured taxable shipping-taxable purchasable product-type-variable has-default-attributes\">\n\t<a href=\"https:\/\/www.pilencykel.se\/workshop\/produkt\/pilen-gt-herr\/\" class=\"woocommerce-LoopProduct-link woocommerce-loop-product__link\"><img loading=\"lazy\" decoding=\"async\" width=\"300\" height=\"300\" src=\"https:\/\/www.pilencykel.se\/workshop\/wp-content\/uploads\/2019\/05\/01-NF-SvF-gtv-herr-svart-300x300.jpg\" class=\"attachment-woocommerce_thumbnail size-woocommerce_thumbnail\" alt=\"Pilen GT herr Svart RAL 8005. Extrautrustad: sadel Brooks B17 brun \u00e4kta l\u00e4der.\" srcset=\"https:\/\/www.pilencykel.se\/workshop\/wp-content\/uploads\/2019\/05\/01-NF-SvF-gtv-herr-svart-300x300.jpg 300w, https:\/\/www.pilencykel.se\/workshop\/wp-content\/uploads\/2019\/05\/01-NF-SvF-gtv-herr-svart-250x250.jpg 250w, https:\/\/www.pilencykel.se\/workshop\/wp-content\/uploads\/2019\/05\/01-NF-SvF-gtv-herr-svart-150x150.jpg 150w\" sizes=\"(max-width: 300px) 100vw, 300px\" \/><h2 class=\"woocommerce-loop-product__title\">Pilen GT herr<\/h2>\n\t<span class=\"price\"><span class=\"from\">Fr\u00e5n: <\/span><span class=\"woocommerce-Price-amount amount\"><bdi>9 345,00&nbsp;<span class=\"woocommerce-Price-currencySymbol\">&#107;&#114;<\/span><\/bdi><\/span> <small><\/small><\/span>\n<\/a><a href=\"https:\/\/www.pilencykel.se\/workshop\/produkt\/pilen-gt-herr\/\" aria-describedby=\"woocommerce_loop_add_to_cart_link_describedby_15749\" data-quantity=\"1\" class=\"button product_type_variable add_to_cart_button \" data-product_id=\"15749\" data-product_sku=\"pilen-gt-herr-1\" aria-label=\"V\u00e4lj alternativ f\u00f6r \u201dPilen GT herr\u201d\" rel=\"nofollow\">V\u00e4lj alternativ<\/a>\t<span id=\"woocommerce_loop_add_to_cart_link_describedby_15749\" class=\"screen-reader-text\">\n\t\tDen h\u00e4r produkten har flera varianter. De olika alternativen kan v\u00e4ljas p\u00e5 produktsidan\t<\/span>\n<\/li>\n<li class=\"desktop-align-left tablet-align-left mobile-align-left ast-product-gallery-layout-horizontal ast-product-single-variable ast-product-tabs-layout-horizontal product type-product post-15696 status-publish instock product_cat-cyklar product_cat-gt has-post-thumbnail featured taxable shipping-taxable purchasable product-type-variable has-default-attributes\">\n\t<a href=\"https:\/\/www.pilencykel.se\/workshop\/produkt\/pilen-gt-dam\/\" class=\"woocommerce-LoopProduct-link woocommerce-loop-product__link\"><img loading=\"lazy\" decoding=\"async\" width=\"300\" height=\"300\" src=\"https:\/\/www.pilencykel.se\/workshop\/wp-content\/uploads\/2024\/05\/04-NF-RK-SiF-gt-special-dam-svart-300x300.jpg\" class=\"attachment-woocommerce_thumbnail size-woocommerce_thumbnail\" alt=\"Pilen GT dam Svart RAL 9005. Silverf\u00e4lgar. Extrautrustad: sadel Brooks B17 brun i \u00e4kta l\u00e4der och d\u00e4ck Schwalbe Kojak.\" srcset=\"https:\/\/www.pilencykel.se\/workshop\/wp-content\/uploads\/2024\/05\/04-NF-RK-SiF-gt-special-dam-svart-300x300.jpg 300w, https:\/\/www.pilencykel.se\/workshop\/wp-content\/uploads\/2024\/05\/04-NF-RK-SiF-gt-special-dam-svart-250x250.jpg 250w, https:\/\/www.pilencykel.se\/workshop\/wp-content\/uploads\/2024\/05\/04-NF-RK-SiF-gt-special-dam-svart-150x150.jpg 150w\" sizes=\"(max-width: 300px) 100vw, 300px\" \/><h2 class=\"woocommerce-loop-product__title\">Pilen GT dam<\/h2>\n\t<span class=\"price\"><span class=\"from\">Fr\u00e5n: <\/span><span class=\"woocommerce-Price-amount amount\"><bdi>9 345,00&nbsp;<span class=\"woocommerce-Price-currencySymbol\">&#107;&#114;<\/span><\/bdi><\/span> <small><\/small><\/span>\n<\/a><a href=\"https:\/\/www.pilencykel.se\/workshop\/produkt\/pilen-gt-dam\/\" aria-describedby=\"woocommerce_loop_add_to_cart_link_describedby_15696\" data-quantity=\"1\" class=\"button product_type_variable add_to_cart_button \" data-product_id=\"15696\" data-product_sku=\"pilen-gt-dam-1\" aria-label=\"V\u00e4lj alternativ f\u00f6r \u201dPilen GT dam\u201d\" rel=\"nofollow\">V\u00e4lj alternativ<\/a>\t<span id=\"woocommerce_loop_add_to_cart_link_describedby_15696\" class=\"screen-reader-text\">\n\t\tDen h\u00e4r produkten har flera varianter. De olika alternativen kan v\u00e4ljas p\u00e5 produktsidan\t<\/span>\n<\/li>\n<li class=\"desktop-align-left tablet-align-left mobile-align-left ast-product-gallery-layout-horizontal ast-product-gallery-with-no-image ast-product-single-variable ast-product-tabs-layout-horizontal product type-product post-16039 status-publish last instock product_cat-grus has-post-thumbnail featured taxable shipping-taxable purchasable product-type-variable\">\n\t<a href=\"https:\/\/www.pilencykel.se\/workshop\/produkt\/pilen-grus\/\" class=\"woocommerce-LoopProduct-link woocommerce-loop-product__link\"><img loading=\"lazy\" decoding=\"async\" width=\"300\" height=\"300\" src=\"https:\/\/www.pilencykel.se\/workshop\/wp-content\/uploads\/2024\/07\/02-gravel-7022-300x300.jpg\" class=\"attachment-woocommerce_thumbnail size-woocommerce_thumbnail\" alt=\"Pilen Grus Gr\u00e5 RAL 7022.\" srcset=\"https:\/\/www.pilencykel.se\/workshop\/wp-content\/uploads\/2024\/07\/02-gravel-7022-300x300.jpg 300w, https:\/\/www.pilencykel.se\/workshop\/wp-content\/uploads\/2024\/07\/02-gravel-7022-150x150.jpg 150w, https:\/\/www.pilencykel.se\/workshop\/wp-content\/uploads\/2024\/07\/02-gravel-7022-250x250.jpg 250w\" sizes=\"(max-width: 300px) 100vw, 300px\" \/><h2 class=\"woocommerce-loop-product__title\">Pilen Grus<\/h2>\n\t<span class=\"price\"><span class=\"from\">Fr\u00e5n: <\/span><span class=\"woocommerce-Price-amount amount\"><bdi>25 475,00&nbsp;<span class=\"woocommerce-Price-currencySymbol\">&#107;&#114;<\/span><\/bdi><\/span> <small><\/small><\/span>\n<\/a><a href=\"https:\/\/www.pilencykel.se\/workshop\/produkt\/pilen-grus\/\" aria-describedby=\"woocommerce_loop_add_to_cart_link_describedby_16039\" data-quantity=\"1\" class=\"button product_type_variable add_to_cart_button \" data-product_id=\"16039\" data-product_sku=\"\" aria-label=\"V\u00e4lj alternativ f\u00f6r \u201dPilen Grus\u201d\" rel=\"nofollow\">V\u00e4lj alternativ<\/a>\t<span id=\"woocommerce_loop_add_to_cart_link_describedby_16039\" class=\"screen-reader-text\">\n\t\tDen h\u00e4r produkten har flera varianter. De olika alternativen kan v\u00e4ljas p\u00e5 produktsidan\t<\/span>\n<\/li>\n<li class=\"desktop-align-left tablet-align-left mobile-align-left ast-product-gallery-layout-horizontal ast-product-single-variable ast-product-tabs-layout-horizontal product type-product post-16127 status-publish first instock product_cat-el1 has-post-thumbnail featured taxable shipping-taxable purchasable product-type-variable has-default-attributes\">\n\t<a href=\"https:\/\/www.pilencykel.se\/workshop\/produkt\/pilen-el1\/\" class=\"woocommerce-LoopProduct-link woocommerce-loop-product__link\"><img loading=\"lazy\" decoding=\"async\" width=\"300\" height=\"300\" src=\"https:\/\/www.pilencykel.se\/workshop\/wp-content\/uploads\/2024\/08\/01-el1-durablue-standard-300x300.jpg\" class=\"attachment-woocommerce_thumbnail size-woocommerce_thumbnail\" alt=\"Pilen EL1 Durabl\u00e5\" srcset=\"https:\/\/www.pilencykel.se\/workshop\/wp-content\/uploads\/2024\/08\/01-el1-durablue-standard-300x300.jpg 300w, https:\/\/www.pilencykel.se\/workshop\/wp-content\/uploads\/2024\/08\/01-el1-durablue-standard-150x150.jpg 150w, https:\/\/www.pilencykel.se\/workshop\/wp-content\/uploads\/2024\/08\/01-el1-durablue-standard-250x250.jpg 250w\" sizes=\"(max-width: 300px) 100vw, 300px\" \/><h2 class=\"woocommerce-loop-product__title\">Pilen EL1<\/h2>\n\t<span class=\"price\"><span class=\"from\">Fr\u00e5n: <\/span><span class=\"woocommerce-Price-amount amount\"><bdi>30 295,00&nbsp;<span class=\"woocommerce-Price-currencySymbol\">&#107;&#114;<\/span><\/bdi><\/span> <small><\/small><\/span>\n<\/a><a href=\"https:\/\/www.pilencykel.se\/workshop\/produkt\/pilen-el1\/\" aria-describedby=\"woocommerce_loop_add_to_cart_link_describedby_16127\" data-quantity=\"1\" class=\"button product_type_variable add_to_cart_button \" data-product_id=\"16127\" data-product_sku=\"\" aria-label=\"V\u00e4lj alternativ f\u00f6r \u201dPilen EL1\u201d\" rel=\"nofollow\">V\u00e4lj alternativ<\/a>\t<span id=\"woocommerce_loop_add_to_cart_link_describedby_16127\" class=\"screen-reader-text\">\n\t\tDen h\u00e4r produkten har flera varianter. De olika alternativen kan v\u00e4ljas p\u00e5 produktsidan\t<\/span>\n<\/li>\n<\/ul>\n<\/div><\/div>\n","protected":false},"excerpt":{"rendered":"","protected":false},"author":1,"featured_media":0,"parent":0,"menu_order":0,"comment_status":"closed","ping_status":"closed","template":"","meta":{"site-sidebar-layout":"default","site-content-layout":"default","ast-site-content-layout":"default","site-content-style":"default","site-sidebar-style":"default","ast-global-header-display":"","ast-banner-title-visibility":"","ast-main-header-display":"","ast-hfb-above-header-display":"","ast-hfb-below-header-display":"","ast-hfb-mobile-header-display":"","site-post-title":"disabled","ast-breadcrumbs-content":"","ast-featured-img":"","footer-sml-layout":"","ast-disable-related-posts":"","theme-transparent-header-meta":"default","adv-header-id-meta":"","stick-header-meta":"default","header-above-stick-meta":"","header-main-stick-meta":"","header-below-stick-meta":"","astra-migrate-meta-layouts":"set","ast-page-background-enabled":"default","ast-page-background-meta":{"desktop":{"background-color":"","background-image":"","background-repeat":"repeat","background-position":"center center","background-size":"auto","background-attachment":"scroll","background-type":"","background-media":"","overlay-type":"","overlay-color":"","overlay-opacity":"","overlay-gradient":""},"tablet":{"background-color":"","background-image":"","background-repeat":"repeat","background-position":"center center","background-size":"auto","background-attachment":"scroll","background-type":"","background-media":"","overlay-type":"","overlay-color":"","overlay-opacity":"","overlay-gradient":""},"mobile":{"background-color":"","background-image":"","background-repeat":"repeat","background-position":"center center","background-size":"auto","background-attachment":"scroll","background-type":"","background-media":"","overlay-type":"","overlay-color":"","overlay-opacity":"","overlay-gradient":""}},"ast-content-background-meta":{"desktop":{"background-color":"var(--ast-global-color-5)","background-image":"","background-repeat":"repeat","background-position":"center center","background-size":"auto","background-attachment":"scroll","background-type":"","background-media":"","overlay-type":"","overlay-color":"","overlay-opacity":"","overlay-gradient":""},"tablet":{"background-color":"var(--ast-global-color-5)","background-image":"","background-repeat":"repeat","background-position":"center center","background-size":"auto","background-attachment":"scroll","background-type":"","background-media":"","overlay-type":"","overlay-color":"","overlay-opacity":"","overlay-gradient":""},"mobile":{"background-color":"var(--ast-global-color-5)","background-image":"","background-repeat":"repeat","background-position":"center center","background-size":"auto","background-attachment":"scroll","background-type":"","background-media":"","overlay-type":"","overlay-color":"","overlay-opacity":"","overlay-gradient":""}},"footnotes":""},"class_list":["post-191","page","type-page","status-publish","hentry"],"_links":{"self":[{"href":"https:\/\/www.pilencykel.se\/workshop\/wp-json\/wp\/v2\/pages\/191","targetHints":{"allow":["GET"]}}],"collection":[{"href":"https:\/\/www.pilencykel.se\/workshop\/wp-json\/wp\/v2\/pages"}],"about":[{"href":"https:\/\/www.pilencykel.se\/workshop\/wp-json\/wp\/v2\/types\/page"}],"author":[{"embeddable":true,"href":"https:\/\/www.pilencykel.se\/workshop\/wp-json\/wp\/v2\/users\/1"}],"replies":[{"embeddable":true,"href":"https:\/\/www.pilencykel.se\/workshop\/wp-json\/wp\/v2\/comments?post=191"}],"version-history":[{"count":0,"href":"https:\/\/www.pilencykel.se\/workshop\/wp-json\/wp\/v2\/pages\/191\/revisions"}],"wp:attachment":[{"href":"https:\/\/www.pilencykel.se\/workshop\/wp-json\/wp\/v2\/media?parent=191"}],"curies":[{"name":"wp","href":"https:\/\/api.w.org\/{rel}","templated":true}]}}